{"id":434,"date":"2023-05-17T10:24:05","date_gmt":"2023-05-17T09:24:05","guid":{"rendered":"https:\/\/pedreira.wearemateria.com\/?page_id=434"},"modified":"2024-02-27T14:15:37","modified_gmt":"2024-02-27T14:15:37","slug":"founder","status":"publish","type":"page","link":"https:\/\/www.pedreirashoes.pt\/pt\/fundador\/","title":{"rendered":"Fundador."},"content":{"rendered":"<div data-elementor-type=\"wp-page\" data-elementor-id=\"434\" class=\"elementor elementor-434\" data-elementor-post-type=\"page\">\n\t\t\t\t\t\t\t\t\t<section class=\"elementor-section elementor-top-section elementor-element elementor-element-dc0c753 elementor-section-boxed elementor-section-height-default elementor-section-height-default\" data-id=\"dc0c753\" data-element_type=\"section\">\n\t\t\t\t\t\t<div class=\"elementor-container elementor-column-gap-default\">\n\t\t\t\t\t<div class=\"elementor-column elementor-col-50 elementor-top-column elementor-element elementor-element-0b8ec94 elementor-invisible\" data-id=\"0b8ec94\" data-element_type=\"column\" data-settings=\"{&quot;animation&quot;:&quot;fadeInLeft&quot;}\">\n\t\t\t<div class=\"elementor-widget-wrap elementor-element-populated\">\n\t\t\t\t\t\t\t\t<div class=\"elementor-element elementor-element-077a1e4 elementor-widget elementor-widget-image\" data-id=\"077a1e4\" data-element_type=\"widget\" data-widget_type=\"image.default\">\n\t\t\t\t<div class=\"elementor-widget-container\">\n\t\t\t<style>\/*! elementor - v3.15.0 - 09-08-2023 *\/\n.elementor-widget-image{text-align:center}.elementor-widget-image a{display:inline-block}.elementor-widget-image a img[src$=\".svg\"]{width:48px}.elementor-widget-image img{vertical-align:middle;display:inline-block}<\/style>\t\t\t\t\t\t\t\t\t\t\t\t<img loading=\"lazy\" decoding=\"async\" width=\"800\" height=\"1000\" src=\"https:\/\/www.pedreirashoes.pt\/wp-content\/uploads\/2024\/02\/about-building.jpg\" class=\"attachment-large size-large wp-image-2033\" alt=\"\" srcset=\"https:\/\/www.pedreirashoes.pt\/wp-content\/uploads\/2024\/02\/about-building.jpg 800w, https:\/\/www.pedreirashoes.pt\/wp-content\/uploads\/2024\/02\/about-building-240x300.jpg 240w, https:\/\/www.pedreirashoes.pt\/wp-content\/uploads\/2024\/02\/about-building-768x960.jpg 768w, https:\/\/www.pedreirashoes.pt\/wp-content\/uploads\/2024\/02\/about-building-10x12.jpg 10w\" sizes=\"(max-width: 800px) 100vw, 800px\" \/>\t\t\t\t\t\t\t\t\t\t\t\t\t\t\t<\/div>\n\t\t\t\t<\/div>\n\t\t\t\t\t<\/div>\n\t\t<\/div>\n\t\t\t\t<div class=\"elementor-column elementor-col-50 elementor-top-column elementor-element elementor-element-268d817\" data-id=\"268d817\" data-element_type=\"column\">\n\t\t\t<div class=\"elementor-widget-wrap elementor-element-populated\">\n\t\t\t\t\t\t\t\t<div class=\"elementor-element elementor-element-80b0def grve-elementor-align-left elementor-widget elementor-widget-impeka_animated_text\" data-id=\"80b0def\" data-element_type=\"widget\" data-widget_type=\"impeka_animated_text.default\">\n\t\t\t\t<div class=\"elementor-widget-container\">\n\t\t\t<h1 class=\"grve-element grve-animated-text grve-animated-item grve-h1 grve-style-1\" data-style=\"style-1\" data-delay=\"0\" data-duration=\"normal\"><span class=\"grve-animated-entry\"><span class=\"grve-line\">Fundador.<\/span><\/span><\/h1>\t\t<\/div>\n\t\t\t\t<\/div>\n\t\t\t\t<div class=\"elementor-element elementor-element-dbc31a1 elementor-widget elementor-widget-text-editor\" data-id=\"dbc31a1\" data-element_type=\"widget\" data-widget_type=\"text-editor.default\">\n\t\t\t\t<div class=\"elementor-widget-container\">\n\t\t\t<style>\/*! elementor - v3.15.0 - 09-08-2023 *\/\n.elementor-widget-text-editor.elementor-drop-cap-view-stacked .elementor-drop-cap{background-color:#69727d;color:#fff}.elementor-widget-text-editor.elementor-drop-cap-view-framed .elementor-drop-cap{color:#69727d;border:3px solid;background-color:transparent}.elementor-widget-text-editor:not(.elementor-drop-cap-view-default) .elementor-drop-cap{margin-top:8px}.elementor-widget-text-editor:not(.elementor-drop-cap-view-default) .elementor-drop-cap-letter{width:1em;height:1em}.elementor-widget-text-editor .elementor-drop-cap{float:left;text-align:center;line-height:1;font-size:50px}.elementor-widget-text-editor .elementor-drop-cap-letter{display:inline-block}<\/style>\t\t\t\t<p>Gostamos de ver a Pedreira Shoes a partir do olhar do nosso fundador: com orgulho, mas conscientes do esp\u00edrito de sacrif\u00edcio e trabalho \u00e1rduo que o levou a tornar a Pedreira Shoes aquilo que \u00e9 hoje.<\/p>\t\t\t\t\t\t<\/div>\n\t\t\t\t<\/div>\n\t\t\t\t\t<\/div>\n\t\t<\/div>\n\t\t\t\t\t\t\t<\/div>\n\t\t<\/section>\n\t\t\t\t<section class=\"elementor-section elementor-top-section elementor-element elementor-element-4a2a361 elementor-hidden-mobile elementor-section-boxed elementor-section-height-default elementor-section-height-default\" data-id=\"4a2a361\" data-element_type=\"section\">\n\t\t\t\t\t\t<div class=\"elementor-container elementor-column-gap-default\">\n\t\t\t\t\t<div class=\"elementor-column elementor-col-100 elementor-top-column elementor-element elementor-element-91c3dcf\" data-id=\"91c3dcf\" data-element_type=\"column\">\n\t\t\t<div class=\"elementor-widget-wrap elementor-element-populated\">\n\t\t\t\t\t\t\t\t<section class=\"elementor-section elementor-inner-section elementor-element elementor-element-29ebd84 elementor-section-height-min-height elementor-section-boxed elementor-section-height-default\" data-id=\"29ebd84\" data-element_type=\"section\" data-settings=\"{&quot;background_background&quot;:&quot;classic&quot;}\">\n\t\t\t\t\t\t<div class=\"elementor-container elementor-column-gap-default\">\n\t\t\t\t\t<div class=\"elementor-column elementor-col-50 elementor-inner-column elementor-element elementor-element-66d155c\" data-id=\"66d155c\" data-element_type=\"column\">\n\t\t\t<div class=\"elementor-widget-wrap elementor-element-populated\">\n\t\t\t\t\t\t\t\t<div class=\"elementor-element elementor-element-80e090d elementor-widget elementor-widget-text-editor\" data-id=\"80e090d\" data-element_type=\"widget\" data-settings=\"{&quot;motion_fx_motion_fx_scrolling&quot;:&quot;yes&quot;,&quot;motion_fx_opacity_effect&quot;:&quot;yes&quot;,&quot;motion_fx_opacity_range&quot;:{&quot;unit&quot;:&quot;%&quot;,&quot;size&quot;:&quot;&quot;,&quot;sizes&quot;:{&quot;start&quot;:45,&quot;end&quot;:50}},&quot;motion_fx_opacity_direction&quot;:&quot;out-in&quot;,&quot;motion_fx_opacity_level&quot;:{&quot;unit&quot;:&quot;px&quot;,&quot;size&quot;:10,&quot;sizes&quot;:[]},&quot;motion_fx_devices&quot;:[&quot;desktop&quot;,&quot;tablet&quot;,&quot;mobile&quot;]}\" data-widget_type=\"text-editor.default\">\n\t\t\t\t<div class=\"elementor-widget-container\">\n\t\t\t\t\t\t\t<p>Jo\u00e3o da Cunha e Silva nasceu em 1918 e sempre se interessou pela arte do cal\u00e7ado, aprendendo o of\u00edcio de sapateiro aos 14 anos com o mestre Carvalho Dias.<\/p>\t\t\t\t\t\t<\/div>\n\t\t\t\t<\/div>\n\t\t\t\t<div class=\"elementor-element elementor-element-d28a42a elementor-widget elementor-widget-image\" data-id=\"d28a42a\" data-element_type=\"widget\" data-settings=\"{&quot;motion_fx_motion_fx_scrolling&quot;:&quot;yes&quot;,&quot;motion_fx_opacity_effect&quot;:&quot;yes&quot;,&quot;motion_fx_opacity_range&quot;:{&quot;unit&quot;:&quot;%&quot;,&quot;size&quot;:&quot;&quot;,&quot;sizes&quot;:{&quot;start&quot;:30,&quot;end&quot;:35}},&quot;motion_fx_opacity_direction&quot;:&quot;out-in&quot;,&quot;motion_fx_opacity_level&quot;:{&quot;unit&quot;:&quot;px&quot;,&quot;size&quot;:10,&quot;sizes&quot;:[]},&quot;motion_fx_devices&quot;:[&quot;desktop&quot;,&quot;tablet&quot;,&quot;mobile&quot;]}\" data-widget_type=\"image.default\">\n\t\t\t\t<div class=\"elementor-widget-container\">\n\t\t\t\t\t\t\t\t\t\t\t\t\t\t\t<img loading=\"lazy\" decoding=\"async\" width=\"229\" height=\"42\" src=\"https:\/\/www.pedreirashoes.pt\/wp-content\/uploads\/2023\/05\/signature-white.png\" class=\"attachment-large size-large wp-image-1189\" alt=\"\" \/>\t\t\t\t\t\t\t\t\t\t\t\t\t\t\t<\/div>\n\t\t\t\t<\/div>\n\t\t\t\t\t<\/div>\n\t\t<\/div>\n\t\t\t\t<div class=\"elementor-column elementor-col-50 elementor-inner-column elementor-element elementor-element-4e2c171\" data-id=\"4e2c171\" data-element_type=\"column\">\n\t\t\t<div class=\"elementor-widget-wrap\">\n\t\t\t\t\t\t\t\t\t<\/div>\n\t\t<\/div>\n\t\t\t\t\t\t\t<\/div>\n\t\t<\/section>\n\t\t\t\t\t<\/div>\n\t\t<\/div>\n\t\t\t\t\t\t\t<\/div>\n\t\t<\/section>\n\t\t\t\t<section class=\"elementor-section elementor-top-section elementor-element elementor-element-ab67100 elementor-hidden-desktop elementor-hidden-tablet elementor-section-boxed elementor-section-height-default elementor-section-height-default\" data-id=\"ab67100\" data-element_type=\"section\">\n\t\t\t\t\t\t<div class=\"elementor-container elementor-column-gap-default\">\n\t\t\t\t\t<div class=\"elementor-column elementor-col-50 elementor-top-column elementor-element elementor-element-11acc55\" data-id=\"11acc55\" data-element_type=\"column\">\n\t\t\t<div class=\"elementor-widget-wrap elementor-element-populated\">\n\t\t\t\t\t\t\t\t<div class=\"elementor-element elementor-element-f66592d elementor-widget elementor-widget-text-editor\" data-id=\"f66592d\" data-element_type=\"widget\" data-settings=\"{&quot;motion_fx_motion_fx_scrolling&quot;:&quot;yes&quot;,&quot;motion_fx_translateX_effect&quot;:&quot;yes&quot;,&quot;motion_fx_translateX_direction&quot;:&quot;negative&quot;,&quot;motion_fx_translateX_speed&quot;:{&quot;unit&quot;:&quot;px&quot;,&quot;size&quot;:5,&quot;sizes&quot;:[]},&quot;motion_fx_translateX_affectedRange&quot;:{&quot;unit&quot;:&quot;%&quot;,&quot;size&quot;:&quot;&quot;,&quot;sizes&quot;:{&quot;start&quot;:0,&quot;end&quot;:50}},&quot;motion_fx_devices&quot;:[&quot;desktop&quot;,&quot;tablet&quot;,&quot;mobile&quot;]}\" data-widget_type=\"text-editor.default\">\n\t\t\t\t<div class=\"elementor-widget-container\">\n\t\t\t\t\t\t\t<p>Jo\u00e3o da Cunha e Silva nasceu em 1918 e sempre se interessou pela arte do cal\u00e7ado, aprendendo o of\u00edcio de sapateiro aos 14 anos com o mestre Carvalho Dias.<\/p>\t\t\t\t\t\t<\/div>\n\t\t\t\t<\/div>\n\t\t\t\t\t<\/div>\n\t\t<\/div>\n\t\t\t\t<div class=\"elementor-column elementor-col-50 elementor-top-column elementor-element elementor-element-c66118a\" data-id=\"c66118a\" data-element_type=\"column\">\n\t\t\t<div class=\"elementor-widget-wrap elementor-element-populated\">\n\t\t\t\t\t\t\t\t<div class=\"elementor-element elementor-element-a091343 elementor-widget elementor-widget-image\" data-id=\"a091343\" data-element_type=\"widget\" data-widget_type=\"image.default\">\n\t\t\t\t<div class=\"elementor-widget-container\">\n\t\t\t\t\t\t\t\t\t\t\t\t\t\t\t<img loading=\"lazy\" decoding=\"async\" width=\"1024\" height=\"1024\" src=\"https:\/\/www.pedreirashoes.pt\/wp-content\/uploads\/2023\/05\/founder-5.jpg\" class=\"attachment-large size-large wp-image-1190\" alt=\"\" srcset=\"https:\/\/www.pedreirashoes.pt\/wp-content\/uploads\/2023\/05\/founder-5.jpg 1024w, https:\/\/www.pedreirashoes.pt\/wp-content\/uploads\/2023\/05\/founder-5-300x300.jpg 300w, https:\/\/www.pedreirashoes.pt\/wp-content\/uploads\/2023\/05\/founder-5-150x150.jpg 150w, https:\/\/www.pedreirashoes.pt\/wp-content\/uploads\/2023\/05\/founder-5-768x768.jpg 768w, https:\/\/www.pedreirashoes.pt\/wp-content\/uploads\/2023\/05\/founder-5-560x560.jpg 560w, https:\/\/www.pedreirashoes.pt\/wp-content\/uploads\/2023\/05\/founder-5-900x900.jpg 900w\" sizes=\"(max-width: 1024px) 100vw, 1024px\" \/>\t\t\t\t\t\t\t\t\t\t\t\t\t\t\t<\/div>\n\t\t\t\t<\/div>\n\t\t\t\t<div class=\"elementor-element elementor-element-27badae elementor-widget elementor-widget-image\" data-id=\"27badae\" data-element_type=\"widget\" data-settings=\"{&quot;motion_fx_motion_fx_scrolling&quot;:&quot;yes&quot;,&quot;motion_fx_opacity_effect&quot;:&quot;yes&quot;,&quot;motion_fx_opacity_range&quot;:{&quot;unit&quot;:&quot;%&quot;,&quot;size&quot;:&quot;&quot;,&quot;sizes&quot;:{&quot;start&quot;:30,&quot;end&quot;:35}},&quot;motion_fx_opacity_direction&quot;:&quot;out-in&quot;,&quot;motion_fx_opacity_level&quot;:{&quot;unit&quot;:&quot;px&quot;,&quot;size&quot;:10,&quot;sizes&quot;:[]},&quot;motion_fx_devices&quot;:[&quot;desktop&quot;,&quot;tablet&quot;,&quot;mobile&quot;]}\" data-widget_type=\"image.default\">\n\t\t\t\t<div class=\"elementor-widget-container\">\n\t\t\t\t\t\t\t\t\t\t\t\t\t\t\t<img loading=\"lazy\" decoding=\"async\" width=\"229\" height=\"42\" src=\"https:\/\/www.pedreirashoes.pt\/wp-content\/uploads\/2023\/05\/assinatura.png\" class=\"attachment-large size-large wp-image-602\" alt=\"\" \/>\t\t\t\t\t\t\t\t\t\t\t\t\t\t\t<\/div>\n\t\t\t\t<\/div>\n\t\t\t\t\t<\/div>\n\t\t<\/div>\n\t\t\t\t\t\t\t<\/div>\n\t\t<\/section>\n\t\t\t\t<section class=\"elementor-section elementor-top-section elementor-element elementor-element-b3b2547 elementor-section-boxed elementor-section-height-default elementor-section-height-default\" data-id=\"b3b2547\" data-element_type=\"section\">\n\t\t\t\t\t\t<div class=\"elementor-container elementor-column-gap-default\">\n\t\t\t\t\t<div class=\"elementor-column elementor-col-50 elementor-top-column elementor-element elementor-element-a33fbd2\" data-id=\"a33fbd2\" data-element_type=\"column\">\n\t\t\t<div class=\"elementor-widget-wrap elementor-element-populated\">\n\t\t\t\t\t\t\t\t<div class=\"elementor-element elementor-element-ab816dc elementor-widget elementor-widget-text-editor\" data-id=\"ab816dc\" data-element_type=\"widget\" data-widget_type=\"text-editor.default\">\n\t\t\t\t<div class=\"elementor-widget-container\">\n\t\t\t\t\t\t\t<p>Alguns anos mais tarde, gra\u00e7as ao seu esfor\u00e7o e disciplina, conseguiu finalmente o seu primeiro cliente e contratou tr\u00eas funcion\u00e1rios para trabalhar com ele.\u00a0<\/p><p>Foi aqui que tudo come\u00e7ou e, em 1935, nasceu a Pedreira Shoes.<\/p>\t\t\t\t\t\t<\/div>\n\t\t\t\t<\/div>\n\t\t\t\t\t<\/div>\n\t\t<\/div>\n\t\t\t\t<div class=\"elementor-column elementor-col-50 elementor-top-column elementor-element elementor-element-bcbc51d\" data-id=\"bcbc51d\" data-element_type=\"column\">\n\t\t\t<div class=\"elementor-widget-wrap elementor-element-populated\">\n\t\t\t\t\t\t\t\t<div class=\"elementor-element elementor-element-72479a0 elementor-widget elementor-widget-text-editor\" data-id=\"72479a0\" data-element_type=\"widget\" data-widget_type=\"text-editor.default\">\n\t\t\t\t<div class=\"elementor-widget-container\">\n\t\t\t\t\t\t\t<p>O tempo, a dedica\u00e7\u00e3o e o compromisso eram bons amigos de Jo\u00e3o da Cunha e Silva e a Pedreira Shoes tem vindo a crescer e evoluir com a ajuda dos seus filhos, que est\u00e3o agora \u00e0 frente da empresa.<\/p><p>O nosso fundador faleceu em 2012 mas a sua resili\u00eancia, vitalidade e consist\u00eancia ser\u00e3o sempre honradas e lembradas.<\/p>\t\t\t\t\t\t<\/div>\n\t\t\t\t<\/div>\n\t\t\t\t\t<\/div>\n\t\t<\/div>\n\t\t\t\t\t\t\t<\/div>\n\t\t<\/section>\n\t\t\t\t\t\t\t<\/div>","protected":false},"excerpt":{"rendered":"<p>Founder. We like to see Pedreira Shoes from the eyes of our founder: with pride but aware of the sacrifice and hard work that it took him to make Pedreira Shoes what it is nowadays. Jo\u00e3o da Cunha e Silva was born in 1918 and has always been interested in the shoemaking art, learning the [&hellip;]<\/p>","protected":false},"author":1,"featured_media":0,"parent":0,"menu_order":0,"comment_status":"closed","ping_status":"closed","template":"","meta":{"footnotes":""},"yoast_head":"<!-- This site is optimized with the Yoast SEO plugin v22.1 - https:\/\/yoast.com\/wordpress\/plugins\/seo\/ -->\n<title>Jo\u00e3o da Cunha e Silva - founder Pedreira Shoes<\/title>\n<meta name=\"description\" content=\"Time, dedication and commitment were good friends of Jo\u00e3o da Cunha e Silva and Pedreira Shoes has been growing and evolving.\" \/>\n<meta name=\"robots\" content=\"index, follow, max-snippet:-1, max-image-preview:large, max-video-preview:-1\" \/>\n<link rel=\"canonical\" href=\"https:\/\/www.pedreirashoes.pt\/pt\/fundador\/\" \/>\n<meta property=\"og:locale\" content=\"pt_PT\" \/>\n<meta property=\"og:type\" content=\"article\" \/>\n<meta property=\"og:title\" content=\"Jo\u00e3o da Cunha e Silva - founder Pedreira Shoes\" \/>\n<meta property=\"og:description\" content=\"Time, dedication and commitment were good friends of Jo\u00e3o da Cunha e Silva and Pedreira Shoes has been growing and evolving.\" \/>\n<meta property=\"og:url\" content=\"https:\/\/www.pedreirashoes.pt\/pt\/fundador\/\" \/>\n<meta property=\"og:site_name\" content=\"Pedreira Shoes\" \/>\n<meta property=\"article:publisher\" content=\"https:\/\/www.facebook.com\/pedreirashoes\" \/>\n<meta property=\"article:modified_time\" content=\"2024-02-27T14:15:37+00:00\" \/>\n<meta property=\"og:image\" content=\"https:\/\/www.pedreirashoes.pt\/wp-content\/uploads\/2024\/02\/about-building.jpg\" \/>\n<meta name=\"twitter:card\" content=\"summary_large_image\" \/>\n<meta name=\"twitter:label1\" content=\"Tempo estimado de leitura\" \/>\n\t<meta name=\"twitter:data1\" content=\"2 minutos\" \/>\n<script type=\"application\/ld+json\" class=\"yoast-schema-graph\">{\"@context\":\"https:\/\/schema.org\",\"@graph\":[{\"@type\":\"WebPage\",\"@id\":\"https:\/\/www.pedreirashoes.pt\/founder\/\",\"url\":\"https:\/\/www.pedreirashoes.pt\/founder\/\",\"name\":\"Jo\u00e3o da Cunha e Silva - founder Pedreira Shoes\",\"isPartOf\":{\"@id\":\"https:\/\/www.pedreirashoes.pt\/#website\"},\"datePublished\":\"2023-05-17T09:24:05+00:00\",\"dateModified\":\"2024-02-27T14:15:37+00:00\",\"description\":\"Time, dedication and commitment were good friends of Jo\u00e3o da Cunha e Silva and Pedreira Shoes has been growing and evolving.\",\"breadcrumb\":{\"@id\":\"https:\/\/www.pedreirashoes.pt\/founder\/#breadcrumb\"},\"inLanguage\":\"pt-PT\",\"potentialAction\":[{\"@type\":\"ReadAction\",\"target\":[\"https:\/\/www.pedreirashoes.pt\/founder\/\"]}]},{\"@type\":\"BreadcrumbList\",\"@id\":\"https:\/\/www.pedreirashoes.pt\/founder\/#breadcrumb\",\"itemListElement\":[{\"@type\":\"ListItem\",\"position\":1,\"name\":\"Home\",\"item\":\"https:\/\/www.pedreirashoes.pt\/\"},{\"@type\":\"ListItem\",\"position\":2,\"name\":\"Founder.\"}]},{\"@type\":\"WebSite\",\"@id\":\"https:\/\/www.pedreirashoes.pt\/#website\",\"url\":\"https:\/\/www.pedreirashoes.pt\/\",\"name\":\"Pedreira Shoes\",\"description\":\"Established 1935\",\"publisher\":{\"@id\":\"https:\/\/www.pedreirashoes.pt\/#organization\"},\"alternateName\":\"Jo\u00e3o Cunha e Silva & Filhos, Lda.\",\"potentialAction\":[{\"@type\":\"SearchAction\",\"target\":{\"@type\":\"EntryPoint\",\"urlTemplate\":\"https:\/\/www.pedreirashoes.pt\/?s={search_term_string}\"},\"query-input\":\"required name=search_term_string\"}],\"inLanguage\":\"pt-PT\"},{\"@type\":\"Organization\",\"@id\":\"https:\/\/www.pedreirashoes.pt\/#organization\",\"name\":\"Pedreiras Shoes\",\"alternateName\":\"Jo\u00e3o Cunha e Silva & Filhos, Lda.\",\"url\":\"https:\/\/www.pedreirashoes.pt\/\",\"logo\":{\"@type\":\"ImageObject\",\"inLanguage\":\"pt-PT\",\"@id\":\"https:\/\/www.pedreirashoes.pt\/#\/schema\/logo\/image\/\",\"url\":\"https:\/\/www.pedreirashoes.pt\/wp-content\/uploads\/2023\/07\/logo-b.png\",\"contentUrl\":\"https:\/\/www.pedreirashoes.pt\/wp-content\/uploads\/2023\/07\/logo-b.png\",\"width\":723,\"height\":509,\"caption\":\"Pedreiras Shoes\"},\"image\":{\"@id\":\"https:\/\/www.pedreirashoes.pt\/#\/schema\/logo\/image\/\"},\"sameAs\":[\"https:\/\/www.facebook.com\/pedreirashoes\",\"https:\/\/www.linkedin.com\/company\/predeirashoes\/\"]}]}<\/script>\n<!-- \/ Yoast SEO plugin. -->","yoast_head_json":{"title":"Jo\u00e3o da Cunha e Silva - founder Pedreira Shoes","description":"Time, dedication and commitment were good friends of Jo\u00e3o da Cunha e Silva and Pedreira Shoes has been growing and evolving.","robots":{"index":"index","follow":"follow","max-snippet":"max-snippet:-1","max-image-preview":"max-image-preview:large","max-video-preview":"max-video-preview:-1"},"canonical":"https:\/\/www.pedreirashoes.pt\/pt\/fundador\/","og_locale":"pt_PT","og_type":"article","og_title":"Jo\u00e3o da Cunha e Silva - founder Pedreira Shoes","og_description":"Time, dedication and commitment were good friends of Jo\u00e3o da Cunha e Silva and Pedreira Shoes has been growing and evolving.","og_url":"https:\/\/www.pedreirashoes.pt\/pt\/fundador\/","og_site_name":"Pedreira Shoes","article_publisher":"https:\/\/www.facebook.com\/pedreirashoes","article_modified_time":"2024-02-27T14:15:37+00:00","og_image":[{"url":"https:\/\/www.pedreirashoes.pt\/wp-content\/uploads\/2024\/02\/about-building.jpg"}],"twitter_card":"summary_large_image","twitter_misc":{"Tempo estimado de leitura":"2 minutos"},"schema":{"@context":"https:\/\/schema.org","@graph":[{"@type":"WebPage","@id":"https:\/\/www.pedreirashoes.pt\/founder\/","url":"https:\/\/www.pedreirashoes.pt\/founder\/","name":"Jo\u00e3o da Cunha e Silva - founder Pedreira Shoes","isPartOf":{"@id":"https:\/\/www.pedreirashoes.pt\/#website"},"datePublished":"2023-05-17T09:24:05+00:00","dateModified":"2024-02-27T14:15:37+00:00","description":"Time, dedication and commitment were good friends of Jo\u00e3o da Cunha e Silva and Pedreira Shoes has been growing and evolving.","breadcrumb":{"@id":"https:\/\/www.pedreirashoes.pt\/founder\/#breadcrumb"},"inLanguage":"pt-PT","potentialAction":[{"@type":"ReadAction","target":["https:\/\/www.pedreirashoes.pt\/founder\/"]}]},{"@type":"BreadcrumbList","@id":"https:\/\/www.pedreirashoes.pt\/founder\/#breadcrumb","itemListElement":[{"@type":"ListItem","position":1,"name":"Home","item":"https:\/\/www.pedreirashoes.pt\/"},{"@type":"ListItem","position":2,"name":"Founder."}]},{"@type":"WebSite","@id":"https:\/\/www.pedreirashoes.pt\/#website","url":"https:\/\/www.pedreirashoes.pt\/","name":"Pedreira Shoes","description":"Established 1935","publisher":{"@id":"https:\/\/www.pedreirashoes.pt\/#organization"},"alternateName":"Jo\u00e3o Cunha e Silva & Filhos, Lda.","potentialAction":[{"@type":"SearchAction","target":{"@type":"EntryPoint","urlTemplate":"https:\/\/www.pedreirashoes.pt\/?s={search_term_string}"},"query-input":"required name=search_term_string"}],"inLanguage":"pt-PT"},{"@type":"Organization","@id":"https:\/\/www.pedreirashoes.pt\/#organization","name":"Pedreiras Shoes","alternateName":"Jo\u00e3o Cunha e Silva & Filhos, Lda.","url":"https:\/\/www.pedreirashoes.pt\/","logo":{"@type":"ImageObject","inLanguage":"pt-PT","@id":"https:\/\/www.pedreirashoes.pt\/#\/schema\/logo\/image\/","url":"https:\/\/www.pedreirashoes.pt\/wp-content\/uploads\/2023\/07\/logo-b.png","contentUrl":"https:\/\/www.pedreirashoes.pt\/wp-content\/uploads\/2023\/07\/logo-b.png","width":723,"height":509,"caption":"Pedreiras Shoes"},"image":{"@id":"https:\/\/www.pedreirashoes.pt\/#\/schema\/logo\/image\/"},"sameAs":["https:\/\/www.facebook.com\/pedreirashoes","https:\/\/www.linkedin.com\/company\/predeirashoes\/"]}]}},"_links":{"self":[{"href":"https:\/\/www.pedreirashoes.pt\/pt\/wp-json\/wp\/v2\/pages\/434"}],"collection":[{"href":"https:\/\/www.pedreirashoes.pt\/pt\/wp-json\/wp\/v2\/pages"}],"about":[{"href":"https:\/\/www.pedreirashoes.pt\/pt\/wp-json\/wp\/v2\/types\/page"}],"author":[{"embeddable":true,"href":"https:\/\/www.pedreirashoes.pt\/pt\/wp-json\/wp\/v2\/users\/1"}],"replies":[{"embeddable":true,"href":"https:\/\/www.pedreirashoes.pt\/pt\/wp-json\/wp\/v2\/comments?post=434"}],"version-history":[{"count":4,"href":"https:\/\/www.pedreirashoes.pt\/pt\/wp-json\/wp\/v2\/pages\/434\/revisions"}],"predecessor-version":[{"id":2036,"href":"https:\/\/www.pedreirashoes.pt\/pt\/wp-json\/wp\/v2\/pages\/434\/revisions\/2036"}],"wp:attachment":[{"href":"https:\/\/www.pedreirashoes.pt\/pt\/wp-json\/wp\/v2\/media?parent=434"}],"curies":[{"name":"wp","href":"https:\/\/api.w.org\/{rel}","templated":true}]}}